{"id":393,"date":"2025-01-29T10:10:35","date_gmt":"2025-01-29T09:10:35","guid":{"rendered":"https:\/\/therapat.fr\/?page_id=393"},"modified":"2025-03-06T20:13:33","modified_gmt":"2025-03-06T19:13:33","slug":"services-durees-tarifs-contact-pour-informations-complementaires","status":"publish","type":"page","link":"https:\/\/www.therapat.fr\/index.php\/services-durees-tarifs-contact-pour-informations-complementaires\/","title":{"rendered":"Services"},"content":{"rendered":"\n<h2 class=\"wp-block-heading has-text-align-center has-luminous-vivid-amber-color has-text-color has-large-font-size\"><strong>Services &#8211; Informations &#8211; Tarifs<\/strong><\/h2>\n\n\n\n<p>Je propose diff\u00e9rents <strong>services<\/strong>. Ils ne n\u00e9cessitent pas tous le m\u00eame temps disponible. La <strong>dur\u00e9e<\/strong> indiqu\u00e9e peut varier, elle est donn\u00e9 \u00e0 titre indicatif. Chaque prestation poss\u00e8de un <strong>tarif <\/strong>qui est proportionnel au temps pass\u00e9 ou en relation avec la technique utilis\u00e9e. Si vous ne savez pas quel type de s\u00e9ance choisir, ne vous inqui\u00e9tez pas. Lors de notre premier rendez-vous, nous d\u00e9terminerons ensemble quel type de s\u00e9ance vous sera le plus utile et profitable selon vos objectifs. Vous pouvez trouver de nombreuses <strong>informations<\/strong> pouvant vous \u00e9clairer sur ce site.<\/p>\n\n\n\n<h2 class=\"wp-block-heading has-text-align-center has-luminous-vivid-amber-color has-text-color\"><strong>Quels Services ? Quelles dur\u00e9es ? A quels prix ?<\/strong> <\/h2>\n\n\n\n<figure class=\"wp-block-table\"><table><tbody><tr><td class=\"has-text-align-center\" data-align=\"center\"><strong>Service Propos\u00e9<\/strong><\/td><td class=\"has-text-align-center\" data-align=\"center\"><strong>Dur\u00e9e de la S\u00e9ance<\/strong><\/td><td class=\"has-text-align-center\" data-align=\"center\"><strong>Tarif<\/strong><br>Angerville Bailleul ou Visio<\/td><\/tr><tr><td class=\"has-text-align-center\" data-align=\"center\">1\u00e8re S\u00e9ance d&rsquo;Hypnose<\/td><td class=\"has-text-align-center\" data-align=\"center\">1H30 \u00e0 2H<\/td><td class=\"has-text-align-center\" data-align=\"center\">70 \u20ac<\/td><\/tr><tr><td class=\"has-text-align-center\" data-align=\"center\">S\u00e9ance de Suivi en Hypnose<\/td><td class=\"has-text-align-center\" data-align=\"center\">1H \u00e0 1H30<\/td><td class=\"has-text-align-center\" data-align=\"center\">70 \u20ac<\/td><\/tr><tr><td class=\"has-text-align-center\" data-align=\"center\">1\u00e8re S\u00e9ance enTh\u00e9rapie<\/td><td class=\"has-text-align-center\" data-align=\"center\">1H30 \u00e0 2H<\/td><td class=\"has-text-align-center\" data-align=\"center\">70 \u20ac<\/td><\/tr><tr><td class=\"has-text-align-center\" data-align=\"center\">S\u00e9ance de Suivi en Th\u00e9rapie<\/td><td class=\"has-text-align-center\" data-align=\"center\">1H \u00e0 1H30<\/td><td class=\"has-text-align-center\" data-align=\"center\">70 \u20ac<\/td><\/tr><tr><td class=\"has-text-align-center\" data-align=\"center\">S\u00e9ance de Rebirth Th\u00e9rapie <br>\u00ab\u00a0Respiration Consciente\u00a0\u00bb<\/td><td class=\"has-text-align-center\" data-align=\"center\">2H<\/td><td class=\"has-text-align-center\" data-align=\"center\">90 \u20ac<\/td><\/tr><tr><td class=\"has-text-align-center\" data-align=\"center\">S\u00e9ance d&rsquo;Interpr\u00e9tation des R\u00eaves<\/td><td class=\"has-text-align-center\" data-align=\"center\">45 min \u00e0 1H<\/td><td class=\"has-text-align-center\" data-align=\"center\">60 \u20ac<\/td><\/tr><tr><td class=\"has-text-align-center\" data-align=\"center\">S\u00e9ance \u00e0 Distance (Visio)<\/td><td class=\"has-text-align-center\" data-align=\"center\">1H \u00e0 1H30<\/td><td class=\"has-text-align-center\" data-align=\"center\">70 \u20ac<\/td><\/tr><tr><td class=\"has-text-align-center\" data-align=\"center\">Soin \u00e9nerg\u00e9tique \u00e0 Distance<br>(ex : Zona) <\/td><td class=\"has-text-align-center\" data-align=\"center\">1H ou plus selon besoin<\/td><td class=\"has-text-align-center\" data-align=\"center\">70 \u20ac<\/td><\/tr><tr><td class=\"has-text-align-center\" data-align=\"center\">S\u00e9ance enfant jusqu&rsquo;\u00e0 12 ans<\/td><td class=\"has-text-align-center\" data-align=\"center\">45 min \u00e0 1H<\/td><td class=\"has-text-align-center\" data-align=\"center\">50 \u20ac<\/td><\/tr><tr><td class=\"has-text-align-center\" data-align=\"center\"><\/td><td class=\"has-text-align-center\" data-align=\"center\"><\/td><td class=\"has-text-align-center\" data-align=\"center\"><\/td><\/tr><tr><td class=\"has-text-align-center\" data-align=\"center\"><\/td><td class=\"has-text-align-center\" data-align=\"center\"><\/td><td class=\"has-text-align-center\" data-align=\"center\"><\/td><\/tr><\/tbody><\/table><\/figure>\n\n\n<div class=\"wp-block-image\">\n<figure class=\"aligncenter size-full is-resized\" id=\"bienfaitsth\u00e9rapie\"><img loading=\"lazy\" decoding=\"async\" width=\"581\" height=\"499\" src=\"https:\/\/www.therapat.fr\/wp-content\/uploads\/2023\/12\/IMG_2333.jpeg\" alt=\"Lorsque l'\u00e2me agit\" class=\"wp-image-986\" style=\"aspect-ratio:1;width:470px;height:auto\" title=\"Montre les bienfaits d'un travail th\u00e9rapeutique.\" srcset=\"https:\/\/www.therapat.fr\/wp-content\/uploads\/2023\/12\/IMG_2333.jpeg 581w, https:\/\/www.therapat.fr\/wp-content\/uploads\/2023\/12\/IMG_2333-300x258.jpeg 300w\" sizes=\"auto, (max-width: 581px) 100vw, 581px\" \/><figcaption class=\"wp-element-caption\"><em><strong>Lorsque l&rsquo;\u00e2me agit<\/strong><\/em><\/figcaption><\/figure>\n<\/div>\n\n\n<h2 class=\"wp-block-heading has-luminous-vivid-amber-color has-text-color\"><strong>Un Service \u00e0 exp\u00e9rimenter, un cadeau \u00e0 s&rsquo;offrir pour aller vers soi !<\/strong><\/h2>\n\n\n\n<p>Si vous rencontrez des difficult\u00e9s particuli\u00e8res ou si vous avez besoin de renseignements compl\u00e9mentaires, n&rsquo;h\u00e9sitez pas \u00e0 me contacter. D\u00e9marrer un travail th\u00e9rapeutique ou de d\u00e9veloppement personnel est une d\u00e9cision merveilleuse qui peut transformer votre vie. Et je suis l\u00e0 pour vous aider \u00e0 r\u00e9aliser cette transformation !<\/p>\n\n\n\n<p>Il est essentiel de choisir un(e) th\u00e9rapeute exp\u00e9riment\u00e9(e) pour vous accompagner dans cette aventure. Mon exp\u00e9rience et mes comp\u00e9tences me permettent de vous offrir un accompagnement personnalis\u00e9 et adapt\u00e9 \u00e0 vos besoins.<\/p>\n\n\n\n<p>Je suis passionn\u00e9e par mon travail et je suis convaincue que chaque personne a le potentiel de r\u00e9aliser ses r\u00eaves et de vivre une vie \u00e9panouissante. Si vous \u00eates pr\u00eat(e) \u00e0 vous engager dans cette d\u00e9marche, je suis l\u00e0 pour vous guider \u00e0 chaque \u00e9tape du chemin.<\/p>\n\n\n\n<p>N&rsquo;attendez plus pour vous offrir le plus beau cadeau que vous puissiez vous faire : un travail sur vous-m\u00eame qui vous m\u00e8nera vers une vie plus \u00e9panouissante et plus heureuse. Pour cela, contactez-moi d\u00e8s maintenant. Ainsi vous pourrez en savoir plus sur :<\/p>\n\n\n\n<ul class=\"wp-block-list\">\n<li>mes services <\/li>\n\n\n\n<li>sur la fa\u00e7on dont je peux vous aider \u00e0 atteindre vos objectifs de d\u00e9veloppement personnel.<\/li>\n<\/ul>\n\n\n\n<div class=\"wp-block-columns is-layout-flex wp-container-core-columns-is-layout-9d6595d7 wp-block-columns-is-layout-flex\">\n<div class=\"wp-block-column is-layout-flow wp-block-column-is-layout-flow\"><div class=\"wp-block-image\">\n<figure class=\"aligncenter size-full is-resized\" id=\"servicesinformations\"><img loading=\"lazy\" decoding=\"async\" width=\"576\" height=\"458\" src=\"https:\/\/www.therapat.fr\/wp-content\/uploads\/2023\/11\/IMG_1180.jpeg\" alt=\"Services - informations - tarifs\" class=\"wp-image-920\" style=\"aspect-ratio:1.173134328358209;width:391px;height:auto\" title=\"services informations tarifs\" srcset=\"https:\/\/www.therapat.fr\/wp-content\/uploads\/2023\/11\/IMG_1180.jpeg 576w, https:\/\/www.therapat.fr\/wp-content\/uploads\/2023\/11\/IMG_1180-300x239.jpeg 300w\" sizes=\"auto, (max-width: 576px) 100vw, 576px\" \/><figcaption class=\"wp-element-caption\">Services &#8211; informations &#8211; tarifs<\/figcaption><\/figure>\n<\/div><\/div>\n<\/div>\n\n\n\n<div class=\"wp-block-buttons is-layout-flex wp-block-buttons-is-layout-flex\">\n<div class=\"wp-block-button\"><a class=\"wp-block-button__link has-black-color has-text-color has-background has-link-color wp-element-button\" href=\"https:\/\/www.therapat.fr\/index.php\/hypnose-inclusive-experience-esprit-corps-et-ames\/\" style=\"background:linear-gradient(135deg,rgb(252,185,0) 32%,rgb(255,105,0) 100%)\">Hypnose Inclusive<\/a><\/div>\n\n\n\n<div class=\"wp-block-button\"><a class=\"wp-block-button__link has-black-color has-text-color has-background has-link-color wp-element-button\" href=\"https:\/\/www.therapat.fr\/index.php\/rebirth-therapie-les-origines-holistique-experience-personnelle-contre-indications\/\" style=\"background:linear-gradient(135deg,rgb(252,185,0) 32%,rgb(255,105,0) 100%)\">Rebirth<\/a><\/div>\n\n\n\n<div class=\"wp-block-button\"><a class=\"wp-block-button__link has-black-color has-text-color has-background has-link-color wp-element-button\" href=\"https:\/\/www.therapat.fr\/index.php\/interpretation-des-reves\/\" style=\"background:linear-gradient(135deg,rgb(252,185,0) 32%,rgb(255,105,0) 100%)\">Interpr\u00e9tation des r\u00eaves<\/a><\/div>\n<\/div>\n\n\n\n<div class=\"wp-block-buttons is-content-justification-center is-layout-flex wp-container-core-buttons-is-layout-8057eaf3 wp-block-buttons-is-layout-flex\">\n<div class=\"wp-block-button\"><a class=\"wp-block-button__link has-black-color has-text-color has-background wp-element-button\" href=\"https:\/\/therapat.fr\/contact\/\" style=\"background:linear-gradient(135deg,rgb(252,185,0) 45%,rgb(255,105,0) 100%)\" target=\"_blank\" rel=\"noreferrer noopener\">Me contacter<\/a><\/div>\n\n\n\n<div class=\"wp-block-button\"><a class=\"wp-block-button__link has-black-color has-text-color has-background wp-element-button\" href=\"https:\/\/therapat.fr\/\" style=\"background:linear-gradient(135deg,rgb(252,185,0) 53%,rgb(255,105,0) 100%)\" target=\"_blank\" rel=\"noreferrer noopener\">Retour Accueil<\/a><\/div>\n\n\n\n<div class=\"wp-block-button\"><a class=\"wp-block-button__link has-black-color has-text-color has-background wp-element-button\" href=\"https:\/\/www.resalib.fr\/praticien\/67057-patricia-deneuve-psychopraticienne-hypnotherapeute-angerville-bailleul\" style=\"background:linear-gradient(135deg,rgb(252,185,0) 53%,rgb(255,105,0) 100%)\">PRENDRE Rendez-vous sur RESALIB<\/a><\/div>\n<\/div>\n\n\n\n<ul class=\"wp-block-social-links is-layout-flex wp-block-social-links-is-layout-flex\"><li class=\"wp-social-link wp-social-link-facebook  wp-block-social-link\"><a href=\"https:\/\/www.facebook.com\/patricia.deneuve.986\" class=\"wp-block-social-link-anchor\"><svg width=\"24\" height=\"24\" viewBox=\"0 0 24 24\" version=\"1.1\" xmlns=\"http:\/\/www.w3.org\/2000\/svg\" aria-hidden=\"true\" focusable=\"false\"><path d=\"M12 2C6.5 2 2 6.5 2 12c0 5 3.7 9.1 8.4 9.9v-7H7.9V12h2.5V9.8c0-2.5 1.5-3.9 3.8-3.9 1.1 0 2.2.2 2.2.2v2.5h-1.3c-1.2 0-1.6.8-1.6 1.6V12h2.8l-.4 2.9h-2.3v7C18.3 21.1 22 17 22 12c0-5.5-4.5-10-10-10z\"><\/path><\/svg><span class=\"wp-block-social-link-label screen-reader-text\">Facebook<\/span><\/a><\/li>\n\n<li class=\"wp-social-link wp-social-link-instagram  wp-block-social-link\"><a href=\"https:\/\/www.instagram.com\/therapatou\/\" class=\"wp-block-social-link-anchor\"><svg width=\"24\" height=\"24\" viewBox=\"0 0 24 24\" version=\"1.1\" xmlns=\"http:\/\/www.w3.org\/2000\/svg\" aria-hidden=\"true\" focusable=\"false\"><path d=\"M12,4.622c2.403,0,2.688,0.009,3.637,0.052c0.877,0.04,1.354,0.187,1.671,0.31c0.42,0.163,0.72,0.358,1.035,0.673 c0.315,0.315,0.51,0.615,0.673,1.035c0.123,0.317,0.27,0.794,0.31,1.671c0.043,0.949,0.052,1.234,0.052,3.637 s-0.009,2.688-0.052,3.637c-0.04,0.877-0.187,1.354-0.31,1.671c-0.163,0.42-0.358,0.72-0.673,1.035 c-0.315,0.315-0.615,0.51-1.035,0.673c-0.317,0.123-0.794,0.27-1.671,0.31c-0.949,0.043-1.233,0.052-3.637,0.052 s-2.688-0.009-3.637-0.052c-0.877-0.04-1.354-0.187-1.671-0.31c-0.42-0.163-0.72-0.358-1.035-0.673 c-0.315-0.315-0.51-0.615-0.673-1.035c-0.123-0.317-0.27-0.794-0.31-1.671C4.631,14.688,4.622,14.403,4.622,12 s0.009-2.688,0.052-3.637c0.04-0.877,0.187-1.354,0.31-1.671c0.163-0.42,0.358-0.72,0.673-1.035 c0.315-0.315,0.615-0.51,1.035-0.673c0.317-0.123,0.794-0.27,1.671-0.31C9.312,4.631,9.597,4.622,12,4.622 M12,3 C9.556,3,9.249,3.01,8.289,3.054C7.331,3.098,6.677,3.25,6.105,3.472C5.513,3.702,5.011,4.01,4.511,4.511 c-0.5,0.5-0.808,1.002-1.038,1.594C3.25,6.677,3.098,7.331,3.054,8.289C3.01,9.249,3,9.556,3,12c0,2.444,0.01,2.751,0.054,3.711 c0.044,0.958,0.196,1.612,0.418,2.185c0.23,0.592,0.538,1.094,1.038,1.594c0.5,0.5,1.002,0.808,1.594,1.038 c0.572,0.222,1.227,0.375,2.185,0.418C9.249,20.99,9.556,21,12,21s2.751-0.01,3.711-0.054c0.958-0.044,1.612-0.196,2.185-0.418 c0.592-0.23,1.094-0.538,1.594-1.038c0.5-0.5,0.808-1.002,1.038-1.594c0.222-0.572,0.375-1.227,0.418-2.185 C20.99,14.751,21,14.444,21,12s-0.01-2.751-0.054-3.711c-0.044-0.958-0.196-1.612-0.418-2.185c-0.23-0.592-0.538-1.094-1.038-1.594 c-0.5-0.5-1.002-0.808-1.594-1.038c-0.572-0.222-1.227-0.375-2.185-0.418C14.751,3.01,14.444,3,12,3L12,3z M12,7.378 c-2.552,0-4.622,2.069-4.622,4.622S9.448,16.622,12,16.622s4.622-2.069,4.622-4.622S14.552,7.378,12,7.378z M12,15 c-1.657,0-3-1.343-3-3s1.343-3,3-3s3,1.343,3,3S13.657,15,12,15z M16.804,6.116c-0.596,0-1.08,0.484-1.08,1.08 s0.484,1.08,1.08,1.08c0.596,0,1.08-0.484,1.08-1.08S17.401,6.116,16.804,6.116z\"><\/path><\/svg><span class=\"wp-block-social-link-label screen-reader-text\">Instagram<\/span><\/a><\/li>\n\n<li class=\"wp-social-link wp-social-link-linkedin  wp-block-social-link\"><a href=\"https:\/\/www.linkedin.com\/in\/patricia-deneuve-919754212\" class=\"wp-block-social-link-anchor\"><svg width=\"24\" height=\"24\" viewBox=\"0 0 24 24\" version=\"1.1\" xmlns=\"http:\/\/www.w3.org\/2000\/svg\" aria-hidden=\"true\" focusable=\"false\"><path d=\"M19.7,3H4.3C3.582,3,3,3.582,3,4.3v15.4C3,20.418,3.582,21,4.3,21h15.4c0.718,0,1.3-0.582,1.3-1.3V4.3 C21,3.582,20.418,3,19.7,3z M8.339,18.338H5.667v-8.59h2.672V18.338z M7.004,8.574c-0.857,0-1.549-0.694-1.549-1.548 c0-0.855,0.691-1.548,1.549-1.548c0.854,0,1.547,0.694,1.547,1.548C8.551,7.881,7.858,8.574,7.004,8.574z M18.339,18.338h-2.669 v-4.177c0-0.996-0.017-2.278-1.387-2.278c-1.389,0-1.601,1.086-1.601,2.206v4.249h-2.667v-8.59h2.559v1.174h0.037 c0.356-0.675,1.227-1.387,2.526-1.387c2.703,0,3.203,1.779,3.203,4.092V18.338z\"><\/path><\/svg><span class=\"wp-block-social-link-label screen-reader-text\">LinkedIn<\/span><\/a><\/li><\/ul>\n","protected":false},"excerpt":{"rendered":"<p>Services &#8211; Informations &#8211; Tarifs Je propose diff\u00e9rents services. Ils ne n\u00e9cessitent pas tous le m\u00eame temps disponible. La dur\u00e9e indiqu\u00e9e peut varier, elle est donn\u00e9 \u00e0 titre indicatif. Chaque prestation poss\u00e8de un tarif qui est proportionnel au temps pass\u00e9 ou en relation avec la technique utilis\u00e9e. Si vous ne savez pas quel type de &hellip; <\/p>\n<p class=\"link-more\"><a href=\"https:\/\/www.therapat.fr\/index.php\/services-durees-tarifs-contact-pour-informations-complementaires\/\" class=\"more-link\">Continuer la lecture<span class=\"screen-reader-text\"> de &laquo;&nbsp;Services&nbsp;&raquo;<\/span><\/a><\/p>\n","protected":false},"author":2,"featured_media":0,"parent":0,"menu_order":0,"comment_status":"closed","ping_status":"closed","template":"","meta":{"footnotes":""},"class_list":["post-393","page","type-page","status-publish","hentry"],"yoast_head":"<!-- This site is optimized with the Yoast SEO plugin v25.5 - https:\/\/yoast.com\/wordpress\/plugins\/seo\/ -->\n<title>Services - informations - tarifs<\/title>\n<meta name=\"description\" content=\"Services, informations, tarifs. Tableau r\u00e9capitulatif des services propos\u00e9s, de leurs dur\u00e9es et tarifs. Contact pour plus de renseignements\" \/>\n<meta name=\"robots\" content=\"index, follow, max-snippet:-1, max-image-preview:large, max-video-preview:-1\" \/>\n<link rel=\"canonical\" href=\"https:\/\/www.therapat.fr\/index.php\/services-durees-tarifs-contact-pour-informations-complementaires\/\" \/>\n<meta property=\"og:locale\" content=\"fr_FR\" \/>\n<meta property=\"og:type\" content=\"article\" \/>\n<meta property=\"og:title\" content=\"Services Dur\u00e9es Tarifs Informations - Cabinet Patricia DENEUVE\" \/>\n<meta property=\"og:description\" content=\"\ud83c\udf1f D\u00e9couvrez mes S\u00e9ances Personnalis\u00e9es ! \ud83c\udf1fChers amis et clients,Je suis ravie de continuer \u00e0 accompagner celles et ceux qui me connaissent. Pour les autres, je vous propose l\u2019opportunit\u00e9 passionnante de vous aider \u00e0 atteindre vos objectifs, \u00e0 trouver l\u2019\u00e9quilibre et \u00e0 vivre une vie plus \u00e9panouissante. D\u00e8s maintenant, vous pouvez r\u00e9server des s\u00e9ances personnalis\u00e9es avec moi \ud83d\ude4c\ud83c\udf08 Mes S\u00e9ances Personnalis\u00e9es :\u2728 Que vous recherchiez la relaxation, la croissance personnelle, \u00e0 int\u00e9grer des \u00e9motions refoul\u00e9es, d\u00e9passer des blocages ou r\u00e9p\u00e9titions ou tout simplement un espace pour vous exprimer, mes s\u00e9ances sont adapt\u00e9es \u00e0 vos besoins uniques.\u23f0 Dur\u00e9e : Mes s\u00e9ances varient en dur\u00e9e pour s&#039;adapter \u00e0 votre emploi du temps charg\u00e9. Choisissez entre des s\u00e9ances d\u20191heure ou des s\u00e9ances plus longues pour une immersion totale.\ud83d\udcb2 Tarifs : Mes tarifs sont con\u00e7us pour offrir une valeur exceptionnelle et des r\u00e9sultats tangibles, tout en respectant votre budget.\ud83d\udcc6 Comment r\u00e9server : La r\u00e9servation est simple et rapide. Contactez-moi via mon site internet : www.therapat.fr pour planifier votre s\u00e9ance. Je suis l\u00e0 pour r\u00e9pondre \u00e0 toutes vos questions et discuter de vos besoins.\ud83c\udf1f Pourquoi choisir mes s\u00e9ances ?\u2705 Exp\u00e9rience Personnalis\u00e9e : Chaque s\u00e9ance est adapt\u00e9e \u00e0 vous et \u00e0 vos objectifs sp\u00e9cifiques.\u2705 Guidance Expertise : Vous serez guid\u00e9 par une Th\u00e9rapeute qui a \u00e0 c\u0153ur votre bien-\u00eatre.\u2705 Flexibilit\u00e9 : Mes horaires sont flexibles pour s&#039;adapter \u00e0 votre vie tr\u00e9pidante.\u2705 R\u00e9sultats Concrets : Mes s\u00e9ances sont con\u00e7ues pour vous aider \u00e0 d\u00e9terminer et atteindre vos objectifs. Ne laissez pas le stress et les d\u00e9fis de la vie vous submerger. R\u00e9servez d\u00e8s aujourd&#039;hui une s\u00e9ance qui vous aidera \u00e0 retrouver votre \u00e9quilibre et \u00e0 vivre pleinement. Je suis impatiente de vous accompagner dans votre voyage vers le bien-\u00eatre.\ud83d\udcac Contactez-moi d\u00e8s maintenant pour r\u00e9server votre s\u00e9ance personnalis\u00e9e ! [\" \/>\n<meta property=\"og:url\" content=\"https:\/\/www.therapat.fr\/index.php\/services-durees-tarifs-contact-pour-informations-complementaires\/\" \/>\n<meta property=\"og:site_name\" content=\"Cabinet de Patricia Deneuve\" \/>\n<meta property=\"article:publisher\" content=\"https:\/\/facebook.com\/patricia.deneuve.986\" \/>\n<meta property=\"article:modified_time\" content=\"2025-03-06T19:13:33+00:00\" \/>\n<meta name=\"twitter:card\" content=\"summary_large_image\" \/>\n<meta name=\"twitter:image\" content=\"https:\/\/www.therapat.fr\/wp-content\/uploads\/2023\/12\/IMG_2333.jpeg\" \/>\n<meta name=\"twitter:label1\" content=\"Dur\u00e9e de lecture estim\u00e9e\" \/>\n\t<meta name=\"twitter:data1\" content=\"3 minutes\" \/>\n<script type=\"application\/ld+json\" class=\"yoast-schema-graph\">{\"@context\":\"https:\/\/schema.org\",\"@graph\":[{\"@type\":\"WebPage\",\"@id\":\"https:\/\/www.therapat.fr\/index.php\/services-durees-tarifs-contact-pour-informations-complementaires\/\",\"url\":\"https:\/\/www.therapat.fr\/index.php\/services-durees-tarifs-contact-pour-informations-complementaires\/\",\"name\":\"Services - informations - tarifs\",\"isPartOf\":{\"@id\":\"https:\/\/www.therapat.fr\/#website\"},\"primaryImageOfPage\":{\"@id\":\"https:\/\/www.therapat.fr\/index.php\/services-durees-tarifs-contact-pour-informations-complementaires\/#primaryimage\"},\"image\":{\"@id\":\"https:\/\/www.therapat.fr\/index.php\/services-durees-tarifs-contact-pour-informations-complementaires\/#primaryimage\"},\"thumbnailUrl\":\"https:\/\/www.therapat.fr\/wp-content\/uploads\/2023\/12\/IMG_2333.jpeg\",\"datePublished\":\"2025-01-29T09:10:35+00:00\",\"dateModified\":\"2025-03-06T19:13:33+00:00\",\"description\":\"Services, informations, tarifs. Tableau r\u00e9capitulatif des services propos\u00e9s, de leurs dur\u00e9es et tarifs. Contact pour plus de renseignements\",\"breadcrumb\":{\"@id\":\"https:\/\/www.therapat.fr\/index.php\/services-durees-tarifs-contact-pour-informations-complementaires\/#breadcrumb\"},\"inLanguage\":\"fr-FR\",\"potentialAction\":[{\"@type\":\"ReadAction\",\"target\":[\"https:\/\/www.therapat.fr\/index.php\/services-durees-tarifs-contact-pour-informations-complementaires\/\"]}]},{\"@type\":\"ImageObject\",\"inLanguage\":\"fr-FR\",\"@id\":\"https:\/\/www.therapat.fr\/index.php\/services-durees-tarifs-contact-pour-informations-complementaires\/#primaryimage\",\"url\":\"https:\/\/www.therapat.fr\/wp-content\/uploads\/2023\/12\/IMG_2333.jpeg\",\"contentUrl\":\"https:\/\/www.therapat.fr\/wp-content\/uploads\/2023\/12\/IMG_2333.jpeg\",\"width\":581,\"height\":499},{\"@type\":\"BreadcrumbList\",\"@id\":\"https:\/\/www.therapat.fr\/index.php\/services-durees-tarifs-contact-pour-informations-complementaires\/#breadcrumb\",\"itemListElement\":[{\"@type\":\"ListItem\",\"position\":1,\"name\":\"Accueil\",\"item\":\"https:\/\/www.therapat.fr\/\"},{\"@type\":\"ListItem\",\"position\":2,\"name\":\"Services - Cabinet Patricia DENEUVE\"}]},{\"@type\":\"WebSite\",\"@id\":\"https:\/\/www.therapat.fr\/#website\",\"url\":\"https:\/\/www.therapat.fr\/\",\"name\":\"Cabinet de Patricia Deneuve\",\"description\":\"Vous pouvez choisir de croire ce que vous voulez, y compris de croire en vous-m\u00eames. Don Miguel Ruiz\",\"publisher\":{\"@id\":\"https:\/\/www.therapat.fr\/#organization\"},\"potentialAction\":[{\"@type\":\"SearchAction\",\"target\":{\"@type\":\"EntryPoint\",\"urlTemplate\":\"https:\/\/www.therapat.fr\/?s={search_term_string}\"},\"query-input\":{\"@type\":\"PropertyValueSpecification\",\"valueRequired\":true,\"valueName\":\"search_term_string\"}}],\"inLanguage\":\"fr-FR\"},{\"@type\":\"Organization\",\"@id\":\"https:\/\/www.therapat.fr\/#organization\",\"name\":\"Cabinet de Patricia Deneuve\",\"url\":\"https:\/\/www.therapat.fr\/\",\"logo\":{\"@type\":\"ImageObject\",\"inLanguage\":\"fr-FR\",\"@id\":\"https:\/\/www.therapat.fr\/#\/schema\/logo\/image\/\",\"url\":\"https:\/\/tnoanqj.cluster028.hosting.ovh.net\/wp-content\/uploads\/2023\/11\/Freedom-Hand-Butterfly_puzzles.png.jpg\",\"contentUrl\":\"https:\/\/tnoanqj.cluster028.hosting.ovh.net\/wp-content\/uploads\/2023\/11\/Freedom-Hand-Butterfly_puzzles.png.jpg\",\"width\":960,\"height\":640,\"caption\":\"Cabinet de Patricia Deneuve\"},\"image\":{\"@id\":\"https:\/\/www.therapat.fr\/#\/schema\/logo\/image\/\"},\"sameAs\":[\"https:\/\/facebook.com\/patricia.deneuve.986\",\"https:\/\/www.medoucine.com\/consultation\/angerville-bailleul\/patricia-deneuve\/3897?utm_source=bouton-rdv&utm_medium=pack-com&utm_campaign=patricia-deneuve\"]}]}<\/script>\n<!-- \/ Yoast SEO plugin. -->","yoast_head_json":{"title":"Services - informations - tarifs","description":"Services, informations, tarifs. Tableau r\u00e9capitulatif des services propos\u00e9s, de leurs dur\u00e9es et tarifs. Contact pour plus de renseignements","robots":{"index":"index","follow":"follow","max-snippet":"max-snippet:-1","max-image-preview":"max-image-preview:large","max-video-preview":"max-video-preview:-1"},"canonical":"https:\/\/www.therapat.fr\/index.php\/services-durees-tarifs-contact-pour-informations-complementaires\/","og_locale":"fr_FR","og_type":"article","og_title":"Services Dur\u00e9es Tarifs Informations - Cabinet Patricia DENEUVE","og_description":"\ud83c\udf1f D\u00e9couvrez mes S\u00e9ances Personnalis\u00e9es ! \ud83c\udf1fChers amis et clients,Je suis ravie de continuer \u00e0 accompagner celles et ceux qui me connaissent. Pour les autres, je vous propose l\u2019opportunit\u00e9 passionnante de vous aider \u00e0 atteindre vos objectifs, \u00e0 trouver l\u2019\u00e9quilibre et \u00e0 vivre une vie plus \u00e9panouissante. D\u00e8s maintenant, vous pouvez r\u00e9server des s\u00e9ances personnalis\u00e9es avec moi \ud83d\ude4c\ud83c\udf08 Mes S\u00e9ances Personnalis\u00e9es :\u2728 Que vous recherchiez la relaxation, la croissance personnelle, \u00e0 int\u00e9grer des \u00e9motions refoul\u00e9es, d\u00e9passer des blocages ou r\u00e9p\u00e9titions ou tout simplement un espace pour vous exprimer, mes s\u00e9ances sont adapt\u00e9es \u00e0 vos besoins uniques.\u23f0 Dur\u00e9e : Mes s\u00e9ances varient en dur\u00e9e pour s'adapter \u00e0 votre emploi du temps charg\u00e9. Choisissez entre des s\u00e9ances d\u20191heure ou des s\u00e9ances plus longues pour une immersion totale.\ud83d\udcb2 Tarifs : Mes tarifs sont con\u00e7us pour offrir une valeur exceptionnelle et des r\u00e9sultats tangibles, tout en respectant votre budget.\ud83d\udcc6 Comment r\u00e9server : La r\u00e9servation est simple et rapide. Contactez-moi via mon site internet : www.therapat.fr pour planifier votre s\u00e9ance. Je suis l\u00e0 pour r\u00e9pondre \u00e0 toutes vos questions et discuter de vos besoins.\ud83c\udf1f Pourquoi choisir mes s\u00e9ances ?\u2705 Exp\u00e9rience Personnalis\u00e9e : Chaque s\u00e9ance est adapt\u00e9e \u00e0 vous et \u00e0 vos objectifs sp\u00e9cifiques.\u2705 Guidance Expertise : Vous serez guid\u00e9 par une Th\u00e9rapeute qui a \u00e0 c\u0153ur votre bien-\u00eatre.\u2705 Flexibilit\u00e9 : Mes horaires sont flexibles pour s'adapter \u00e0 votre vie tr\u00e9pidante.\u2705 R\u00e9sultats Concrets : Mes s\u00e9ances sont con\u00e7ues pour vous aider \u00e0 d\u00e9terminer et atteindre vos objectifs. Ne laissez pas le stress et les d\u00e9fis de la vie vous submerger. R\u00e9servez d\u00e8s aujourd'hui une s\u00e9ance qui vous aidera \u00e0 retrouver votre \u00e9quilibre et \u00e0 vivre pleinement. Je suis impatiente de vous accompagner dans votre voyage vers le bien-\u00eatre.\ud83d\udcac Contactez-moi d\u00e8s maintenant pour r\u00e9server votre s\u00e9ance personnalis\u00e9e ! [","og_url":"https:\/\/www.therapat.fr\/index.php\/services-durees-tarifs-contact-pour-informations-complementaires\/","og_site_name":"Cabinet de Patricia Deneuve","article_publisher":"https:\/\/facebook.com\/patricia.deneuve.986","article_modified_time":"2025-03-06T19:13:33+00:00","twitter_card":"summary_large_image","twitter_image":"https:\/\/www.therapat.fr\/wp-content\/uploads\/2023\/12\/IMG_2333.jpeg","twitter_misc":{"Dur\u00e9e de lecture estim\u00e9e":"3 minutes"},"schema":{"@context":"https:\/\/schema.org","@graph":[{"@type":"WebPage","@id":"https:\/\/www.therapat.fr\/index.php\/services-durees-tarifs-contact-pour-informations-complementaires\/","url":"https:\/\/www.therapat.fr\/index.php\/services-durees-tarifs-contact-pour-informations-complementaires\/","name":"Services - informations - tarifs","isPartOf":{"@id":"https:\/\/www.therapat.fr\/#website"},"primaryImageOfPage":{"@id":"https:\/\/www.therapat.fr\/index.php\/services-durees-tarifs-contact-pour-informations-complementaires\/#primaryimage"},"image":{"@id":"https:\/\/www.therapat.fr\/index.php\/services-durees-tarifs-contact-pour-informations-complementaires\/#primaryimage"},"thumbnailUrl":"https:\/\/www.therapat.fr\/wp-content\/uploads\/2023\/12\/IMG_2333.jpeg","datePublished":"2025-01-29T09:10:35+00:00","dateModified":"2025-03-06T19:13:33+00:00","description":"Services, informations, tarifs. Tableau r\u00e9capitulatif des services propos\u00e9s, de leurs dur\u00e9es et tarifs. Contact pour plus de renseignements","breadcrumb":{"@id":"https:\/\/www.therapat.fr\/index.php\/services-durees-tarifs-contact-pour-informations-complementaires\/#breadcrumb"},"inLanguage":"fr-FR","potentialAction":[{"@type":"ReadAction","target":["https:\/\/www.therapat.fr\/index.php\/services-durees-tarifs-contact-pour-informations-complementaires\/"]}]},{"@type":"ImageObject","inLanguage":"fr-FR","@id":"https:\/\/www.therapat.fr\/index.php\/services-durees-tarifs-contact-pour-informations-complementaires\/#primaryimage","url":"https:\/\/www.therapat.fr\/wp-content\/uploads\/2023\/12\/IMG_2333.jpeg","contentUrl":"https:\/\/www.therapat.fr\/wp-content\/uploads\/2023\/12\/IMG_2333.jpeg","width":581,"height":499},{"@type":"BreadcrumbList","@id":"https:\/\/www.therapat.fr\/index.php\/services-durees-tarifs-contact-pour-informations-complementaires\/#breadcrumb","itemListElement":[{"@type":"ListItem","position":1,"name":"Accueil","item":"https:\/\/www.therapat.fr\/"},{"@type":"ListItem","position":2,"name":"Services - Cabinet Patricia DENEUVE"}]},{"@type":"WebSite","@id":"https:\/\/www.therapat.fr\/#website","url":"https:\/\/www.therapat.fr\/","name":"Cabinet de Patricia Deneuve","description":"Vous pouvez choisir de croire ce que vous voulez, y compris de croire en vous-m\u00eames. Don Miguel Ruiz","publisher":{"@id":"https:\/\/www.therapat.fr\/#organization"},"potentialAction":[{"@type":"SearchAction","target":{"@type":"EntryPoint","urlTemplate":"https:\/\/www.therapat.fr\/?s={search_term_string}"},"query-input":{"@type":"PropertyValueSpecification","valueRequired":true,"valueName":"search_term_string"}}],"inLanguage":"fr-FR"},{"@type":"Organization","@id":"https:\/\/www.therapat.fr\/#organization","name":"Cabinet de Patricia Deneuve","url":"https:\/\/www.therapat.fr\/","logo":{"@type":"ImageObject","inLanguage":"fr-FR","@id":"https:\/\/www.therapat.fr\/#\/schema\/logo\/image\/","url":"https:\/\/tnoanqj.cluster028.hosting.ovh.net\/wp-content\/uploads\/2023\/11\/Freedom-Hand-Butterfly_puzzles.png.jpg","contentUrl":"https:\/\/tnoanqj.cluster028.hosting.ovh.net\/wp-content\/uploads\/2023\/11\/Freedom-Hand-Butterfly_puzzles.png.jpg","width":960,"height":640,"caption":"Cabinet de Patricia Deneuve"},"image":{"@id":"https:\/\/www.therapat.fr\/#\/schema\/logo\/image\/"},"sameAs":["https:\/\/facebook.com\/patricia.deneuve.986","https:\/\/www.medoucine.com\/consultation\/angerville-bailleul\/patricia-deneuve\/3897?utm_source=bouton-rdv&utm_medium=pack-com&utm_campaign=patricia-deneuve"]}]}},"_links":{"self":[{"href":"https:\/\/www.therapat.fr\/index.php\/wp-json\/wp\/v2\/pages\/393","targetHints":{"allow":["GET"]}}],"collection":[{"href":"https:\/\/www.therapat.fr\/index.php\/wp-json\/wp\/v2\/pages"}],"about":[{"href":"https:\/\/www.therapat.fr\/index.php\/wp-json\/wp\/v2\/types\/page"}],"author":[{"embeddable":true,"href":"https:\/\/www.therapat.fr\/index.php\/wp-json\/wp\/v2\/users\/2"}],"replies":[{"embeddable":true,"href":"https:\/\/www.therapat.fr\/index.php\/wp-json\/wp\/v2\/comments?post=393"}],"version-history":[{"count":8,"href":"https:\/\/www.therapat.fr\/index.php\/wp-json\/wp\/v2\/pages\/393\/revisions"}],"predecessor-version":[{"id":1228,"href":"https:\/\/www.therapat.fr\/index.php\/wp-json\/wp\/v2\/pages\/393\/revisions\/1228"}],"wp:attachment":[{"href":"https:\/\/www.therapat.fr\/index.php\/wp-json\/wp\/v2\/media?parent=393"}],"curies":[{"name":"wp","href":"https:\/\/api.w.org\/{rel}","templated":true}]}}